{"id":1926,"date":"2021-11-08T04:36:00","date_gmt":"2021-11-08T04:36:00","guid":{"rendered":"https:\/\/the7.io\/company\/?post_type=dt_portfolio&#038;p=1926"},"modified":"2023-05-11T13:38:06","modified_gmt":"2023-05-11T11:38:06","slug":"metro-amsterdam","status":"publish","type":"dt_portfolio","link":"https:\/\/d.r5.wbsprt.com\/opalbuilding.sk\/project\/metro-amsterdam\/","title":{"rendered":"Metro Amsterdam"},"content":{"rendered":"\t\t<div data-elementor-type=\"wp-post\" data-elementor-id=\"1926\" class=\"elementor elementor-1926\" data-elementor-post-type=\"dt_portfolio\">\n\t\t\t\t\t\t<section class=\"elementor-section elementor-top-section elementor-element elementor-element-5da2630 elementor-section-boxed elementor-section-height-default elementor-section-height-default\" data-id=\"5da2630\" data-element_type=\"section\">\n\t\t\t\t\t\t<div class=\"elementor-container elementor-column-gap-wider\">\n\t\t\t\t\t<div class=\"elementor-column elementor-col-50 elementor-top-column elementor-element elementor-element-b4ca5c5\" data-id=\"b4ca5c5\" data-element_type=\"column\">\n\t\t\t<div class=\"elementor-widget-wrap elementor-element-populated\">\n\t\t\t\t\t\t<div class=\"elementor-element elementor-element-9af668e elementor-widget elementor-widget-heading\" data-id=\"9af668e\" data-element_type=\"widget\" data-widget_type=\"heading.default\">\n\t\t\t\t<div class=\"elementor-widget-container\">\n\t\t\t\t\t<h5 class=\"elementor-heading-title elementor-size-default\">Stanice metra v Amsterdame<\/h5>\t\t\t\t<\/div>\n\t\t\t\t<\/div>\n\t\t\t\t<div class=\"elementor-element elementor-element-86cdf95 elementor-widget elementor-widget-spacer\" data-id=\"86cdf95\" data-element_type=\"widget\" data-widget_type=\"spacer.default\">\n\t\t\t\t<div class=\"elementor-widget-container\">\n\t\t\t\t\t\t\t<div class=\"elementor-spacer\">\n\t\t\t<div class=\"elementor-spacer-inner\"><\/div>\n\t\t<\/div>\n\t\t\t\t\t\t<\/div>\n\t\t\t\t<\/div>\n\t\t\t\t<div class=\"elementor-element elementor-element-e0367bf elementor-widget elementor-widget-heading\" data-id=\"e0367bf\" data-element_type=\"widget\" data-widget_type=\"heading.default\">\n\t\t\t\t<div class=\"elementor-widget-container\">\n\t\t\t\t\t<h3 class=\"elementor-heading-title elementor-size-default\">August 2010 \u2013 November 2014<\/h3>\t\t\t\t<\/div>\n\t\t\t\t<\/div>\n\t\t\t\t<div class=\"elementor-element elementor-element-f96c3b3 elementor-widget elementor-widget-spacer\" data-id=\"f96c3b3\" data-element_type=\"widget\" data-widget_type=\"spacer.default\">\n\t\t\t\t<div class=\"elementor-widget-container\">\n\t\t\t\t\t\t\t<div class=\"elementor-spacer\">\n\t\t\t<div class=\"elementor-spacer-inner\"><\/div>\n\t\t<\/div>\n\t\t\t\t\t\t<\/div>\n\t\t\t\t<\/div>\n\t\t\t\t<div class=\"elementor-element elementor-element-596e308 elementor-widget elementor-widget-text-editor\" data-id=\"596e308\" data-element_type=\"widget\" data-widget_type=\"text-editor.default\">\n\t\t\t\t<div class=\"elementor-widget-container\">\n\t\t\t\t\t\t\t\t\t<p><span style=\"font-weight: 400;\">Opal Building sa podie\u013eal na vybudovan\u00ed bet\u00f3nov\u00fdch kon\u0161trukci\u00ed stan\u00edc metra De Pijp, Vijzelgracht a Rokin v Amsterdame. Jednou z najv\u00e4\u010d\u0161\u00edch v\u00fdziev stavby bolo zvl\u00e1dnu\u0165 vysok\u00fa \u00farove\u0148 podzemnej vody a m\u00e4kk\u00fdch p\u00f4d v centre mesta, \u010do si vy\u017eadovalo \u0161peci\u00e1lne technick\u00e9 rie\u0161enia pre bet\u00f3nov\u00e9 kon\u0161trukcie. Z\u00e1rove\u0148 bolo potrebn\u00e9 zabezpe\u010di\u0165, aby pr\u00e1ce neovplyvnili okolit\u00e9 budovy a ulice. Firmy sa s touto v\u00fdzvou \u00faspe\u0161ne vyrovnali a pr\u00e1ce dokon\u010dili v stanovenom \u010dase.<\/span><\/p>\t\t\t\t\t\t\t\t<\/div>\n\t\t\t\t<\/div>\n\t\t\t\t\t<\/div>\n\t\t<\/div>\n\t\t\t\t<div class=\"elementor-column elementor-col-50 elementor-top-column elementor-element elementor-element-79bb01b\" data-id=\"79bb01b\" data-element_type=\"column\">\n\t\t\t<div class=\"elementor-widget-wrap elementor-element-populated\">\n\t\t\t\t\t\t<div class=\"elementor-element elementor-element-459d978 elementor-hidden-tablet elementor-hidden-mobile elementor-widget elementor-widget-image\" data-id=\"459d978\" data-element_type=\"widget\" data-widget_type=\"image.default\">\n\t\t\t\t<div class=\"elementor-widget-container\">\n\t\t\t\t\t\t\t\t\t\t\t\t\t\t\t<img decoding=\"async\" width=\"299\" height=\"113\" src=\"https:\/\/d.r5.wbsprt.com\/opalbuilding.sk\/wp-content\/uploads\/2023\/03\/Max_Boegl_Logo.png\" class=\"attachment-full size-full wp-image-7411\" alt=\"\" srcset=\"http:\/\/d.r5.wbsprt.com\/opalbuilding.sk\/wp-content\/uploads\/2023\/03\/Max_Boegl_Logo.png 299w, http:\/\/d.r5.wbsprt.com\/opalbuilding.sk\/wp-content\/uploads\/2023\/03\/Max_Boegl_Logo-18x7.png 18w\" sizes=\"(max-width: 299px) 100vw, 299px\" \/>\t\t\t\t\t\t\t\t\t\t\t\t\t\t\t<\/div>\n\t\t\t\t<\/div>\n\t\t\t\t\t<\/div>\n\t\t<\/div>\n\t\t\t\t\t<\/div>\n\t\t<\/section>\n\t\t\t\t<section class=\"elementor-section elementor-top-section elementor-element elementor-element-757dd92 elementor-section-boxed elementor-section-height-default elementor-section-height-default\" data-id=\"757dd92\" data-element_type=\"section\" data-settings=\"{&quot;background_background&quot;:&quot;classic&quot;}\">\n\t\t\t\t\t\t<div class=\"elementor-container elementor-column-gap-no\">\n\t\t\t\t\t<div class=\"elementor-column elementor-col-100 elementor-top-column elementor-element elementor-element-f660b04\" data-id=\"f660b04\" data-element_type=\"column\">\n\t\t\t<div class=\"elementor-widget-wrap elementor-element-populated\">\n\t\t\t\t\t\t<div class=\"elementor-element elementor-element-42154b7 elementor-absolute elementor-widget elementor-widget-image\" data-id=\"42154b7\" data-element_type=\"widget\" data-settings=\"{&quot;_position&quot;:&quot;absolute&quot;}\" data-widget_type=\"image.default\">\n\t\t\t\t<div class=\"elementor-widget-container\">\n\t\t\t\t\t\t\t\t\t\t\t\t\t\t\t<img decoding=\"async\" src=\"https:\/\/d.r5.wbsprt.com\/opalbuilding.sk\/wp-content\/uploads\/2021\/11\/Metro-Amsterdam-4_Opal-Building.jpg\" title=\"Metro Amsterdam 4_Opal Building\" alt=\"Metro Amsterdam\" loading=\"lazy\" \/>\t\t\t\t\t\t\t\t\t\t\t\t\t\t\t<\/div>\n\t\t\t\t<\/div>\n\t\t\t\t<div class=\"elementor-element elementor-element-70508f8 elementor-absolute elementor-widget elementor-widget-image\" data-id=\"70508f8\" data-element_type=\"widget\" data-settings=\"{&quot;_position&quot;:&quot;absolute&quot;}\" data-widget_type=\"image.default\">\n\t\t\t\t<div class=\"elementor-widget-container\">\n\t\t\t\t\t\t\t\t\t\t\t\t\t\t\t<img fetchpriority=\"high\" decoding=\"async\" width=\"960\" height=\"1280\" src=\"https:\/\/d.r5.wbsprt.com\/opalbuilding.sk\/wp-content\/uploads\/2021\/11\/Metro-Amsterdam-3_Opal-Building.jpg\" class=\"attachment-full size-full wp-image-7960\" alt=\"Metro Amsterdam\" srcset=\"http:\/\/d.r5.wbsprt.com\/opalbuilding.sk\/wp-content\/uploads\/2021\/11\/Metro-Amsterdam-3_Opal-Building.jpg 960w, http:\/\/d.r5.wbsprt.com\/opalbuilding.sk\/wp-content\/uploads\/2021\/11\/Metro-Amsterdam-3_Opal-Building-225x300.jpg 225w, http:\/\/d.r5.wbsprt.com\/opalbuilding.sk\/wp-content\/uploads\/2021\/11\/Metro-Amsterdam-3_Opal-Building-768x1024.jpg 768w, http:\/\/d.r5.wbsprt.com\/opalbuilding.sk\/wp-content\/uploads\/2021\/11\/Metro-Amsterdam-3_Opal-Building-9x12.jpg 9w\" sizes=\"(max-width: 960px) 100vw, 960px\" \/>\t\t\t\t\t\t\t\t\t\t\t\t\t\t\t<\/div>\n\t\t\t\t<\/div>\n\t\t\t\t<div class=\"elementor-element elementor-element-cd99eff elementor-widget elementor-widget-image\" data-id=\"cd99eff\" data-element_type=\"widget\" data-widget_type=\"image.default\">\n\t\t\t\t<div class=\"elementor-widget-container\">\n\t\t\t\t\t\t\t\t\t\t\t\t\t\t\t<img decoding=\"async\" src=\"https:\/\/d.r5.wbsprt.com\/opalbuilding.sk\/wp-content\/uploads\/2021\/11\/Metro-Amsterdam_Opal-Building.jpg\" title=\"Metro Amsterdam_Opal Building\" alt=\"Metro Amsterdam\" loading=\"lazy\" \/>\t\t\t\t\t\t\t\t\t\t\t\t\t\t\t<\/div>\n\t\t\t\t<\/div>\n\t\t\t\t\t<\/div>\n\t\t<\/div>\n\t\t\t\t\t<\/div>\n\t\t<\/section>\n\t\t\t\t<\/div>\n\t\t","protected":false},"excerpt":{"rendered":"<p>August 2010 \u2013 November 2014<\/p>\n","protected":false},"author":1,"featured_media":7874,"comment_status":"closed","ping_status":"closed","template":"","dt_portfolio_category":[26],"dt_portfolio_tags":[],"class_list":["post-1926","dt_portfolio","type-dt_portfolio","status-publish","has-post-thumbnail","hentry","dt_portfolio_category-holandsko"],"yoast_head":"<!-- This site is optimized with the Yoast SEO plugin v27.5 - https:\/\/yoast.com\/product\/yoast-seo-wordpress\/ -->\n<title>Metro Amsterdam - Opal Building<\/title>\n<meta name=\"description\" content=\"Stanice metra v Amsterdame. Opal Building sa po\u010das 4 rokov podie\u013eal na vybudovan\u00ed bet\u00f3nov\u00fdch kon\u0161trukci\u00ed stan\u00edc De Pijp, Vijzelgracht a Rokin.\" \/>\n<meta name=\"robots\" content=\"index, follow, max-snippet:-1, max-image-preview:large, max-video-preview:-1\" \/>\n<link rel=\"canonical\" href=\"https:\/\/d.r5.wbsprt.com\/opalbuilding.sk\/project\/metro-amsterdam\/\" \/>\n<meta property=\"og:locale\" content=\"sk_SK\" \/>\n<meta property=\"og:type\" content=\"article\" \/>\n<meta property=\"og:title\" content=\"Metro Amsterdam - Opal Building\" \/>\n<meta property=\"og:description\" content=\"Stanice metra v Amsterdame. Opal Building sa po\u010das 4 rokov podie\u013eal na vybudovan\u00ed bet\u00f3nov\u00fdch kon\u0161trukci\u00ed stan\u00edc De Pijp, Vijzelgracht a Rokin.\" \/>\n<meta property=\"og:url\" content=\"https:\/\/d.r5.wbsprt.com\/opalbuilding.sk\/project\/metro-amsterdam\/\" \/>\n<meta property=\"og:site_name\" content=\"Opal Building\" \/>\n<meta property=\"article:modified_time\" content=\"2023-05-11T11:38:06+00:00\" \/>\n<meta property=\"og:image\" content=\"https:\/\/d.r5.wbsprt.com\/opalbuilding.sk\/wp-content\/uploads\/2021\/11\/Metro-Amsterdam.jpg\" \/>\n\t<meta property=\"og:image:width\" content=\"1280\" \/>\n\t<meta property=\"og:image:height\" content=\"960\" \/>\n\t<meta property=\"og:image:type\" content=\"image\/jpeg\" \/>\n<meta name=\"twitter:card\" content=\"summary_large_image\" \/>\n<meta name=\"twitter:label1\" content=\"Predpokladan\u00fd \u010das \u010d\u00edtania\" \/>\n\t<meta name=\"twitter:data1\" content=\"2 min\u00faty\" \/>\n<script type=\"application\/ld+json\" class=\"yoast-schema-graph\">{\"@context\":\"https:\\\/\\\/schema.org\",\"@graph\":[{\"@type\":\"WebPage\",\"@id\":\"https:\\\/\\\/d.r5.wbsprt.com\\\/opalbuilding.sk\\\/project\\\/metro-amsterdam\\\/\",\"url\":\"https:\\\/\\\/d.r5.wbsprt.com\\\/opalbuilding.sk\\\/project\\\/metro-amsterdam\\\/\",\"name\":\"Metro Amsterdam - Opal Building\",\"isPartOf\":{\"@id\":\"https:\\\/\\\/opalbuilding.sk\\\/#website\"},\"primaryImageOfPage\":{\"@id\":\"https:\\\/\\\/d.r5.wbsprt.com\\\/opalbuilding.sk\\\/project\\\/metro-amsterdam\\\/#primaryimage\"},\"image\":{\"@id\":\"https:\\\/\\\/d.r5.wbsprt.com\\\/opalbuilding.sk\\\/project\\\/metro-amsterdam\\\/#primaryimage\"},\"thumbnailUrl\":\"https:\\\/\\\/d.r5.wbsprt.com\\\/opalbuilding.sk\\\/wp-content\\\/uploads\\\/2021\\\/11\\\/Metro-Amsterdam.jpg\",\"datePublished\":\"2021-11-08T04:36:00+00:00\",\"dateModified\":\"2023-05-11T11:38:06+00:00\",\"description\":\"Stanice metra v Amsterdame. Opal Building sa po\u010das 4 rokov podie\u013eal na vybudovan\u00ed bet\u00f3nov\u00fdch kon\u0161trukci\u00ed stan\u00edc De Pijp, Vijzelgracht a Rokin.\",\"breadcrumb\":{\"@id\":\"https:\\\/\\\/d.r5.wbsprt.com\\\/opalbuilding.sk\\\/project\\\/metro-amsterdam\\\/#breadcrumb\"},\"inLanguage\":\"sk-SK\",\"potentialAction\":[{\"@type\":\"ReadAction\",\"target\":[\"https:\\\/\\\/d.r5.wbsprt.com\\\/opalbuilding.sk\\\/project\\\/metro-amsterdam\\\/\"]}]},{\"@type\":\"ImageObject\",\"inLanguage\":\"sk-SK\",\"@id\":\"https:\\\/\\\/d.r5.wbsprt.com\\\/opalbuilding.sk\\\/project\\\/metro-amsterdam\\\/#primaryimage\",\"url\":\"https:\\\/\\\/d.r5.wbsprt.com\\\/opalbuilding.sk\\\/wp-content\\\/uploads\\\/2021\\\/11\\\/Metro-Amsterdam.jpg\",\"contentUrl\":\"https:\\\/\\\/d.r5.wbsprt.com\\\/opalbuilding.sk\\\/wp-content\\\/uploads\\\/2021\\\/11\\\/Metro-Amsterdam.jpg\",\"width\":1280,\"height\":960,\"caption\":\"Metro Amsterdam\"},{\"@type\":\"BreadcrumbList\",\"@id\":\"https:\\\/\\\/d.r5.wbsprt.com\\\/opalbuilding.sk\\\/project\\\/metro-amsterdam\\\/#breadcrumb\",\"itemListElement\":[{\"@type\":\"ListItem\",\"position\":1,\"name\":\"Home\",\"item\":\"https:\\\/\\\/opalbuilding.sk\\\/\"},{\"@type\":\"ListItem\",\"position\":2,\"name\":\"Portfolio\",\"item\":\"https:\\\/\\\/opalbuilding.sk\\\/project\\\/\"},{\"@type\":\"ListItem\",\"position\":3,\"name\":\"Metro Amsterdam\"}]},{\"@type\":\"WebSite\",\"@id\":\"https:\\\/\\\/opalbuilding.sk\\\/#website\",\"url\":\"https:\\\/\\\/opalbuilding.sk\\\/\",\"name\":\"Opal Building\",\"description\":\"Stavebn\u00e1 spolo\u010dnos\u0165 s vy\u0161e 30 ro\u010dnou hist\u00f3riou.\",\"publisher\":{\"@id\":\"https:\\\/\\\/opalbuilding.sk\\\/#organization\"},\"potentialAction\":[{\"@type\":\"SearchAction\",\"target\":{\"@type\":\"EntryPoint\",\"urlTemplate\":\"https:\\\/\\\/opalbuilding.sk\\\/?s={search_term_string}\"},\"query-input\":{\"@type\":\"PropertyValueSpecification\",\"valueRequired\":true,\"valueName\":\"search_term_string\"}}],\"inLanguage\":\"sk-SK\"},{\"@type\":\"Organization\",\"@id\":\"https:\\\/\\\/opalbuilding.sk\\\/#organization\",\"name\":\"Opal Building\",\"url\":\"https:\\\/\\\/opalbuilding.sk\\\/\",\"logo\":{\"@type\":\"ImageObject\",\"inLanguage\":\"sk-SK\",\"@id\":\"https:\\\/\\\/opalbuilding.sk\\\/#\\\/schema\\\/logo\\\/image\\\/\",\"url\":\"https:\\\/\\\/d.r5.wbsprt.com\\\/opalbuilding.sk\\\/wp-content\\\/uploads\\\/2022\\\/05\\\/OPAL-building_LOGO.png\",\"contentUrl\":\"https:\\\/\\\/d.r5.wbsprt.com\\\/opalbuilding.sk\\\/wp-content\\\/uploads\\\/2022\\\/05\\\/OPAL-building_LOGO.png\",\"width\":206,\"height\":100,\"caption\":\"Opal Building\"},\"image\":{\"@id\":\"https:\\\/\\\/opalbuilding.sk\\\/#\\\/schema\\\/logo\\\/image\\\/\"}}]}<\/script>\n<!-- \/ Yoast SEO plugin. -->","yoast_head_json":{"title":"Metro Amsterdam - Opal Building","description":"Stanice metra v Amsterdame. Opal Building sa po\u010das 4 rokov podie\u013eal na vybudovan\u00ed bet\u00f3nov\u00fdch kon\u0161trukci\u00ed stan\u00edc De Pijp, Vijzelgracht a Rokin.","robots":{"index":"index","follow":"follow","max-snippet":"max-snippet:-1","max-image-preview":"max-image-preview:large","max-video-preview":"max-video-preview:-1"},"canonical":"https:\/\/d.r5.wbsprt.com\/opalbuilding.sk\/project\/metro-amsterdam\/","og_locale":"sk_SK","og_type":"article","og_title":"Metro Amsterdam - Opal Building","og_description":"Stanice metra v Amsterdame. Opal Building sa po\u010das 4 rokov podie\u013eal na vybudovan\u00ed bet\u00f3nov\u00fdch kon\u0161trukci\u00ed stan\u00edc De Pijp, Vijzelgracht a Rokin.","og_url":"https:\/\/d.r5.wbsprt.com\/opalbuilding.sk\/project\/metro-amsterdam\/","og_site_name":"Opal Building","article_modified_time":"2023-05-11T11:38:06+00:00","og_image":[{"width":1280,"height":960,"url":"https:\/\/d.r5.wbsprt.com\/opalbuilding.sk\/wp-content\/uploads\/2021\/11\/Metro-Amsterdam.jpg","type":"image\/jpeg"}],"twitter_card":"summary_large_image","twitter_misc":{"Predpokladan\u00fd \u010das \u010d\u00edtania":"2 min\u00faty"},"schema":{"@context":"https:\/\/schema.org","@graph":[{"@type":"WebPage","@id":"https:\/\/d.r5.wbsprt.com\/opalbuilding.sk\/project\/metro-amsterdam\/","url":"https:\/\/d.r5.wbsprt.com\/opalbuilding.sk\/project\/metro-amsterdam\/","name":"Metro Amsterdam - Opal Building","isPartOf":{"@id":"https:\/\/opalbuilding.sk\/#website"},"primaryImageOfPage":{"@id":"https:\/\/d.r5.wbsprt.com\/opalbuilding.sk\/project\/metro-amsterdam\/#primaryimage"},"image":{"@id":"https:\/\/d.r5.wbsprt.com\/opalbuilding.sk\/project\/metro-amsterdam\/#primaryimage"},"thumbnailUrl":"https:\/\/d.r5.wbsprt.com\/opalbuilding.sk\/wp-content\/uploads\/2021\/11\/Metro-Amsterdam.jpg","datePublished":"2021-11-08T04:36:00+00:00","dateModified":"2023-05-11T11:38:06+00:00","description":"Stanice metra v Amsterdame. Opal Building sa po\u010das 4 rokov podie\u013eal na vybudovan\u00ed bet\u00f3nov\u00fdch kon\u0161trukci\u00ed stan\u00edc De Pijp, Vijzelgracht a Rokin.","breadcrumb":{"@id":"https:\/\/d.r5.wbsprt.com\/opalbuilding.sk\/project\/metro-amsterdam\/#breadcrumb"},"inLanguage":"sk-SK","potentialAction":[{"@type":"ReadAction","target":["https:\/\/d.r5.wbsprt.com\/opalbuilding.sk\/project\/metro-amsterdam\/"]}]},{"@type":"ImageObject","inLanguage":"sk-SK","@id":"https:\/\/d.r5.wbsprt.com\/opalbuilding.sk\/project\/metro-amsterdam\/#primaryimage","url":"https:\/\/d.r5.wbsprt.com\/opalbuilding.sk\/wp-content\/uploads\/2021\/11\/Metro-Amsterdam.jpg","contentUrl":"https:\/\/d.r5.wbsprt.com\/opalbuilding.sk\/wp-content\/uploads\/2021\/11\/Metro-Amsterdam.jpg","width":1280,"height":960,"caption":"Metro Amsterdam"},{"@type":"BreadcrumbList","@id":"https:\/\/d.r5.wbsprt.com\/opalbuilding.sk\/project\/metro-amsterdam\/#breadcrumb","itemListElement":[{"@type":"ListItem","position":1,"name":"Home","item":"https:\/\/opalbuilding.sk\/"},{"@type":"ListItem","position":2,"name":"Portfolio","item":"https:\/\/opalbuilding.sk\/project\/"},{"@type":"ListItem","position":3,"name":"Metro Amsterdam"}]},{"@type":"WebSite","@id":"https:\/\/opalbuilding.sk\/#website","url":"https:\/\/opalbuilding.sk\/","name":"Opal Building","description":"Stavebn\u00e1 spolo\u010dnos\u0165 s vy\u0161e 30 ro\u010dnou hist\u00f3riou.","publisher":{"@id":"https:\/\/opalbuilding.sk\/#organization"},"potentialAction":[{"@type":"SearchAction","target":{"@type":"EntryPoint","urlTemplate":"https:\/\/opalbuilding.sk\/?s={search_term_string}"},"query-input":{"@type":"PropertyValueSpecification","valueRequired":true,"valueName":"search_term_string"}}],"inLanguage":"sk-SK"},{"@type":"Organization","@id":"https:\/\/opalbuilding.sk\/#organization","name":"Opal Building","url":"https:\/\/opalbuilding.sk\/","logo":{"@type":"ImageObject","inLanguage":"sk-SK","@id":"https:\/\/opalbuilding.sk\/#\/schema\/logo\/image\/","url":"https:\/\/d.r5.wbsprt.com\/opalbuilding.sk\/wp-content\/uploads\/2022\/05\/OPAL-building_LOGO.png","contentUrl":"https:\/\/d.r5.wbsprt.com\/opalbuilding.sk\/wp-content\/uploads\/2022\/05\/OPAL-building_LOGO.png","width":206,"height":100,"caption":"Opal Building"},"image":{"@id":"https:\/\/opalbuilding.sk\/#\/schema\/logo\/image\/"}}]}},"_links":{"self":[{"href":"https:\/\/d.r5.wbsprt.com\/opalbuilding.sk\/wp-json\/wp\/v2\/dt_portfolio\/1926","targetHints":{"allow":["GET"]}}],"collection":[{"href":"https:\/\/d.r5.wbsprt.com\/opalbuilding.sk\/wp-json\/wp\/v2\/dt_portfolio"}],"about":[{"href":"https:\/\/d.r5.wbsprt.com\/opalbuilding.sk\/wp-json\/wp\/v2\/types\/dt_portfolio"}],"author":[{"embeddable":true,"href":"https:\/\/d.r5.wbsprt.com\/opalbuilding.sk\/wp-json\/wp\/v2\/users\/1"}],"replies":[{"embeddable":true,"href":"https:\/\/d.r5.wbsprt.com\/opalbuilding.sk\/wp-json\/wp\/v2\/comments?post=1926"}],"version-history":[{"count":6,"href":"https:\/\/d.r5.wbsprt.com\/opalbuilding.sk\/wp-json\/wp\/v2\/dt_portfolio\/1926\/revisions"}],"predecessor-version":[{"id":8718,"href":"https:\/\/d.r5.wbsprt.com\/opalbuilding.sk\/wp-json\/wp\/v2\/dt_portfolio\/1926\/revisions\/8718"}],"wp:featuredmedia":[{"embeddable":true,"href":"https:\/\/d.r5.wbsprt.com\/opalbuilding.sk\/wp-json\/wp\/v2\/media\/7874"}],"wp:attachment":[{"href":"https:\/\/d.r5.wbsprt.com\/opalbuilding.sk\/wp-json\/wp\/v2\/media?parent=1926"}],"wp:term":[{"taxonomy":"dt_portfolio_category","embeddable":true,"href":"https:\/\/d.r5.wbsprt.com\/opalbuilding.sk\/wp-json\/wp\/v2\/dt_portfolio_category?post=1926"},{"taxonomy":"dt_portfolio_tags","embeddable":true,"href":"https:\/\/d.r5.wbsprt.com\/opalbuilding.sk\/wp-json\/wp\/v2\/dt_portfolio_tags?post=1926"}],"curies":[{"name":"wp","href":"https:\/\/api.w.org\/{rel}","templated":true}]}}